{"id":48,"date":"2012-05-26T21:14:50","date_gmt":"2012-05-26T21:14:50","guid":{"rendered":"http:\/\/vovray.sansvirus-info.fr\/?page_id=48"},"modified":"2021-01-15T14:17:56","modified_gmt":"2021-01-15T14:17:56","slug":"le-conseil-municipal","status":"publish","type":"page","link":"https:\/\/www.vovray-en-bornes.fr\/?page_id=48","title":{"rendered":"Le Conseil Municipal"},"content":{"rendered":"<h3 style=\"text-align: left;\"><\/h3>\n<h3 style=\"text-align: left;\"><a href=\"http:\/\/www.vovray-en-bornes.fr\/wp-content\/uploads\/2020\/06\/IMG_3147.jpg\"><img loading=\"lazy\" decoding=\"async\" class=\"alignleft size-medium wp-image-2521\" src=\"http:\/\/www.vovray-en-bornes.fr\/wp-content\/uploads\/2020\/06\/IMG_3147-300x225.jpg\" alt=\"\" width=\"300\" height=\"225\" srcset=\"https:\/\/www.vovray-en-bornes.fr\/wp-content\/uploads\/2020\/06\/IMG_3147-300x225.jpg 300w, https:\/\/www.vovray-en-bornes.fr\/wp-content\/uploads\/2020\/06\/IMG_3147-768x576.jpg 768w, https:\/\/www.vovray-en-bornes.fr\/wp-content\/uploads\/2020\/06\/IMG_3147-1024x768.jpg 1024w\" sizes=\"auto, (max-width: 300px) 100vw, 300px\" \/><\/a><\/h3>\n<h3>LE MAIRE<\/h3>\n<div style=\"text-align: left;\">\n<dl>\n<dt>Xavier Brand<\/dt>\n<\/dl>\n<\/div>\n<h3>LES MAIRES ADJOINTS<\/h3>\n<ul>\n<li>St\u00e9phane Debornes<\/li>\n<li>Sandra R\u00e9millon<\/li>\n<\/ul>\n<h3><a href=\"http:\/\/www.vovray-en-bornes.fr\/wp-content\/uploads\/2020\/06\/20200525_213324.jpg\"><img loading=\"lazy\" decoding=\"async\" class=\"alignleft size-medium wp-image-2522\" src=\"http:\/\/www.vovray-en-bornes.fr\/wp-content\/uploads\/2020\/06\/20200525_213324-300x170.jpg\" alt=\"\" width=\"300\" height=\"170\" srcset=\"https:\/\/www.vovray-en-bornes.fr\/wp-content\/uploads\/2020\/06\/20200525_213324-300x170.jpg 300w, https:\/\/www.vovray-en-bornes.fr\/wp-content\/uploads\/2020\/06\/20200525_213324-768x436.jpg 768w, https:\/\/www.vovray-en-bornes.fr\/wp-content\/uploads\/2020\/06\/20200525_213324-1024x582.jpg 1024w\" sizes=\"auto, (max-width: 300px) 100vw, 300px\" \/><\/a><\/h3>\n<h3><\/h3>\n<h3><\/h3>\n<h3><\/h3>\n<h3><\/h3>\n<h3><\/h3>\n<h3>LES CONSEILLERS MUNICIPAUX<\/h3>\n<ul>\n<li>\n<table width=\"243\">\n<tbody>\n<tr>\n<td width=\"160\">LAMOT<\/td>\n<td width=\"83\">Anthony<\/td>\n<\/tr>\n<tr>\n<td>WOLF<\/td>\n<td>Denis<\/td>\n<\/tr>\n<tr>\n<td>HERLEDDER<\/td>\n<td>Thomas<\/td>\n<\/tr>\n<tr>\n<td>FIGUEIREDO<\/td>\n<td>C\u00e9line<\/td>\n<\/tr>\n<tr>\n<td>MANIGUET<\/td>\n<td>J\u00e9r\u00f4me<\/td>\n<\/tr>\n<tr>\n<td>MENDES D&rsquo;OLIVEIRA<\/td>\n<td>Sandrine<\/td>\n<\/tr>\n<tr>\n<td>L&rsquo;HUILLIER<\/td>\n<td>Benoit<\/td>\n<\/tr>\n<tr>\n<td>DARD<\/td>\n<td>Annelise<\/td>\n<\/tr>\n<tr>\n<td>VIRET<\/td>\n<td>Sidonie<\/td>\n<\/tr>\n<tr>\n<td>LAVERRIERE<\/td>\n<td>J\u00e9r\u00e9my<\/td>\n<\/tr>\n<tr>\n<td>MONTANT<\/td>\n<td>Odile<\/td>\n<\/tr>\n<tr>\n<td>GAILLARD<\/td>\n<td>Christophe<\/td>\n<\/tr>\n<\/tbody>\n<\/table>\n<\/li>\n<\/ul>\n<dl>\n<dt><\/dt>\n<dt><\/dt>\n<\/dl>\n<h3>LEURS ATTRIBUTIONS<\/h3>\n<div>\n<h2 style=\"text-align: left;\"><span style=\"color: #000000; font-family: Times New Roman;\">COMMISSIONS COMMUNALES<\/span><\/h2>\n<\/div>\n<p style=\"text-align: left;\" align=\"center\"><span style=\"color: #000000; font-family: Times New Roman;\">\u00a0<\/span><\/p>\n<p>Le Maire est membre d\u2019office de toutes les Commissions Communales qui sont plac\u00e9es sous son autorit\u00e9.<\/p>\n<p>Il propose les commissions suivantes\u00a0:<\/p>\n<p><strong>1<sup>er<\/sup> GROUPE DE COMMISSION<\/strong><\/p>\n<p><strong>Pr\u00e9sid\u00e9 par St\u00e9phane Debornes<\/strong><\/p>\n<p><strong><u>VOIRIE &#8211; RESEAUX <\/u><\/strong><strong>\u00a0\u00a0\u00a0\u00a0\u00a0\u00a0\u00a0\u00a0\u00a0\u00a0\u00a0\u00a0\u00a0\u00a0\u00a0\u00a0\u00a0\u00a0\u00a0\u00a0\u00a0\u00a0\u00a0\u00a0\u00a0\u00a0\u00a0\u00a0\u00a0\u00a0\u00a0\u00a0\u00a0\u00a0\u00a0\u00a0\u00a0\u00a0\u00a0\u00a0\u00a0\u00a0\u00a0\u00a0\u00a0\u00a0\u00a0\u00a0\u00a0\u00a0\u00a0\u00a0\u00a0\u00a0 <u>BATIMENT<\/u><\/strong><\/p>\n<p>St\u00e9phane Debornes<strong>\u00a0\u00a0\u00a0\u00a0\u00a0\u00a0\u00a0\u00a0\u00a0\u00a0\u00a0\u00a0\u00a0\u00a0\u00a0\u00a0\u00a0\u00a0\u00a0\u00a0\u00a0\u00a0\u00a0\u00a0\u00a0\u00a0\u00a0\u00a0\u00a0\u00a0\u00a0\u00a0\u00a0\u00a0\u00a0\u00a0\u00a0\u00a0\u00a0\u00a0\u00a0\u00a0\u00a0\u00a0\u00a0\u00a0\u00a0\u00a0\u00a0\u00a0\u00a0\u00a0\u00a0\u00a0\u00a0\u00a0\u00a0\u00a0\u00a0\u00a0 <\/strong>St\u00e9phane Debornes<\/p>\n<p>Christophe Gaillard\u00a0\u00a0\u00a0\u00a0\u00a0\u00a0\u00a0\u00a0\u00a0\u00a0\u00a0\u00a0\u00a0\u00a0\u00a0\u00a0\u00a0\u00a0\u00a0\u00a0\u00a0\u00a0\u00a0\u00a0\u00a0\u00a0\u00a0\u00a0\u00a0\u00a0\u00a0\u00a0\u00a0\u00a0\u00a0\u00a0\u00a0\u00a0\u00a0\u00a0\u00a0\u00a0\u00a0\u00a0\u00a0\u00a0\u00a0\u00a0\u00a0\u00a0\u00a0\u00a0\u00a0\u00a0\u00a0\u00a0\u00a0\u00a0\u00a0\u00a0 Anthony Lamot<\/p>\n<p>J\u00e9r\u00e9my Laverri\u00e8re\u00a0\u00a0\u00a0\u00a0\u00a0\u00a0\u00a0\u00a0\u00a0\u00a0\u00a0\u00a0\u00a0\u00a0\u00a0\u00a0\u00a0\u00a0\u00a0\u00a0\u00a0\u00a0\u00a0\u00a0\u00a0\u00a0\u00a0\u00a0\u00a0\u00a0\u00a0\u00a0\u00a0\u00a0\u00a0\u00a0\u00a0\u00a0\u00a0\u00a0\u00a0\u00a0\u00a0\u00a0\u00a0\u00a0\u00a0\u00a0\u00a0\u00a0\u00a0\u00a0\u00a0\u00a0\u00a0\u00a0\u00a0\u00a0\u00a0\u00a0\u00a0\u00a0 Beno\u00eet L\u2019Huillier<\/p>\n<p>Odile Montant<\/p>\n<p><strong><u>FORET<\/u><\/strong><strong>\u00a0\u00a0\u00a0\u00a0\u00a0\u00a0\u00a0\u00a0\u00a0\u00a0\u00a0\u00a0\u00a0\u00a0\u00a0\u00a0\u00a0\u00a0\u00a0\u00a0\u00a0\u00a0\u00a0\u00a0\u00a0\u00a0\u00a0\u00a0\u00a0\u00a0\u00a0\u00a0\u00a0\u00a0\u00a0\u00a0\u00a0\u00a0\u00a0\u00a0\u00a0\u00a0\u00a0\u00a0\u00a0\u00a0\u00a0\u00a0\u00a0\u00a0\u00a0\u00a0\u00a0\u00a0\u00a0\u00a0\u00a0\u00a0\u00a0\u00a0\u00a0\u00a0\u00a0\u00a0\u00a0\u00a0\u00a0\u00a0\u00a0\u00a0\u00a0\u00a0\u00a0\u00a0\u00a0\u00a0\u00a0 <u>SALLE POLYVALENTE<\/u><\/strong><\/p>\n<p>St\u00e9phane Debornes\u00a0\u00a0\u00a0\u00a0\u00a0\u00a0\u00a0\u00a0\u00a0\u00a0\u00a0\u00a0\u00a0\u00a0\u00a0\u00a0\u00a0\u00a0\u00a0\u00a0\u00a0\u00a0\u00a0\u00a0\u00a0\u00a0\u00a0\u00a0\u00a0\u00a0\u00a0\u00a0\u00a0\u00a0\u00a0\u00a0\u00a0\u00a0\u00a0\u00a0\u00a0\u00a0\u00a0\u00a0\u00a0\u00a0\u00a0\u00a0\u00a0\u00a0\u00a0\u00a0\u00a0\u00a0\u00a0\u00a0\u00a0\u00a0\u00a0\u00a0 St\u00e9phane Debornes<\/p>\n<p>J\u00e9r\u00e9my Laverri\u00e8re\u00a0\u00a0\u00a0\u00a0\u00a0\u00a0\u00a0\u00a0\u00a0\u00a0\u00a0\u00a0\u00a0\u00a0\u00a0\u00a0\u00a0\u00a0\u00a0\u00a0\u00a0\u00a0\u00a0\u00a0\u00a0\u00a0\u00a0\u00a0\u00a0\u00a0\u00a0\u00a0\u00a0\u00a0\u00a0\u00a0\u00a0\u00a0\u00a0\u00a0\u00a0\u00a0\u00a0\u00a0\u00a0\u00a0\u00a0\u00a0\u00a0\u00a0\u00a0\u00a0\u00a0\u00a0\u00a0\u00a0\u00a0\u00a0\u00a0\u00a0\u00a0\u00a0 Beno\u00eet L\u2019Huillier<\/p>\n<p>J\u00e9r\u00f4me Maniguet\u00a0\u00a0\u00a0\u00a0\u00a0\u00a0\u00a0\u00a0\u00a0\u00a0\u00a0\u00a0\u00a0\u00a0\u00a0\u00a0\u00a0\u00a0\u00a0\u00a0\u00a0\u00a0\u00a0\u00a0\u00a0\u00a0\u00a0\u00a0\u00a0\u00a0\u00a0\u00a0\u00a0\u00a0\u00a0\u00a0\u00a0\u00a0\u00a0\u00a0\u00a0\u00a0\u00a0\u00a0\u00a0\u00a0\u00a0\u00a0\u00a0\u00a0\u00a0\u00a0\u00a0\u00a0\u00a0\u00a0\u00a0\u00a0\u00a0\u00a0\u00a0\u00a0\u00a0 Denis Wolf<\/p>\n<p>Odile Montant<\/p>\n<p><strong><u>MOBILITE DOUCE<\/u><\/strong><strong>\u00a0\u00a0\u00a0\u00a0\u00a0\u00a0\u00a0\u00a0\u00a0\u00a0\u00a0\u00a0\u00a0\u00a0\u00a0\u00a0\u00a0\u00a0\u00a0\u00a0\u00a0\u00a0\u00a0\u00a0\u00a0\u00a0\u00a0\u00a0\u00a0\u00a0\u00a0\u00a0\u00a0\u00a0\u00a0\u00a0\u00a0\u00a0\u00a0\u00a0\u00a0\u00a0\u00a0\u00a0\u00a0\u00a0\u00a0\u00a0\u00a0\u00a0\u00a0\u00a0\u00a0\u00a0\u00a0\u00a0 <u>CIMETIERE<\/u><\/strong><\/p>\n<p>St\u00e9phane Debornes\u00a0\u00a0\u00a0\u00a0\u00a0\u00a0\u00a0\u00a0\u00a0\u00a0\u00a0\u00a0\u00a0\u00a0\u00a0\u00a0\u00a0\u00a0\u00a0\u00a0\u00a0\u00a0\u00a0\u00a0\u00a0\u00a0\u00a0\u00a0\u00a0\u00a0\u00a0\u00a0\u00a0\u00a0\u00a0\u00a0\u00a0\u00a0\u00a0\u00a0\u00a0\u00a0\u00a0\u00a0\u00a0\u00a0\u00a0\u00a0\u00a0\u00a0\u00a0\u00a0\u00a0\u00a0\u00a0\u00a0\u00a0\u00a0\u00a0\u00a0 St\u00e9phane Debornes<\/p>\n<p>Odile Montant\u00a0\u00a0\u00a0\u00a0\u00a0\u00a0\u00a0\u00a0\u00a0\u00a0\u00a0\u00a0\u00a0\u00a0\u00a0\u00a0\u00a0\u00a0\u00a0\u00a0\u00a0\u00a0\u00a0\u00a0\u00a0\u00a0\u00a0\u00a0\u00a0\u00a0\u00a0\u00a0\u00a0\u00a0\u00a0\u00a0\u00a0\u00a0\u00a0\u00a0\u00a0\u00a0\u00a0\u00a0\u00a0\u00a0\u00a0\u00a0\u00a0\u00a0\u00a0\u00a0\u00a0\u00a0\u00a0\u00a0\u00a0\u00a0\u00a0\u00a0\u00a0\u00a0\u00a0\u00a0\u00a0\u00a0\u00a0 Odile Montant<\/p>\n<p>Beno\u00eet L\u2019Huillier\u00a0\u00a0\u00a0\u00a0\u00a0\u00a0\u00a0\u00a0\u00a0\u00a0\u00a0\u00a0\u00a0\u00a0\u00a0\u00a0\u00a0\u00a0\u00a0\u00a0\u00a0\u00a0\u00a0\u00a0\u00a0\u00a0\u00a0\u00a0\u00a0\u00a0\u00a0\u00a0\u00a0\u00a0\u00a0\u00a0\u00a0\u00a0\u00a0\u00a0\u00a0\u00a0\u00a0\u00a0\u00a0\u00a0\u00a0\u00a0\u00a0\u00a0\u00a0\u00a0\u00a0\u00a0\u00a0\u00a0\u00a0\u00a0\u00a0\u00a0\u00a0\u00a0\u00a0 Anthony Lamot<\/p>\n<p>Thomas Herledder<\/p>\n<p><strong>2<sup>\u00e8me<\/sup> GROUPE DE COMMISSION<\/strong><\/p>\n<p><strong>Pr\u00e9sid\u00e9 par Sandra R\u00e9millon<\/strong><\/p>\n<p><strong><u>COMMUNICATION<\/u><\/strong><strong>\u00a0\u00a0\u00a0\u00a0\u00a0\u00a0\u00a0\u00a0\u00a0\u00a0\u00a0\u00a0\u00a0\u00a0\u00a0\u00a0\u00a0\u00a0\u00a0\u00a0\u00a0\u00a0\u00a0\u00a0\u00a0\u00a0\u00a0\u00a0\u00a0\u00a0\u00a0\u00a0\u00a0\u00a0\u00a0\u00a0\u00a0\u00a0\u00a0\u00a0\u00a0\u00a0\u00a0\u00a0\u00a0\u00a0\u00a0\u00a0\u00a0\u00a0\u00a0\u00a0\u00a0\u00a0\u00a0\u00a0 <u>PERI-SCOLAIRE, SCOLAIRE<\/u><\/strong><\/p>\n<p>Sandra R\u00e9millon\u00a0\u00a0\u00a0\u00a0\u00a0\u00a0\u00a0\u00a0\u00a0\u00a0\u00a0\u00a0\u00a0\u00a0\u00a0\u00a0\u00a0\u00a0\u00a0\u00a0\u00a0\u00a0\u00a0\u00a0\u00a0\u00a0\u00a0\u00a0\u00a0\u00a0\u00a0\u00a0\u00a0\u00a0\u00a0\u00a0\u00a0\u00a0\u00a0\u00a0\u00a0\u00a0\u00a0\u00a0\u00a0\u00a0\u00a0\u00a0\u00a0\u00a0\u00a0\u00a0\u00a0\u00a0\u00a0\u00a0\u00a0\u00a0\u00a0\u00a0\u00a0\u00a0\u00a0\u00a0 Sandra R\u00e9millon<\/p>\n<p>Annelise Dard\u00a0\u00a0\u00a0\u00a0\u00a0\u00a0\u00a0\u00a0\u00a0\u00a0\u00a0\u00a0\u00a0\u00a0\u00a0\u00a0\u00a0\u00a0\u00a0\u00a0\u00a0\u00a0\u00a0\u00a0\u00a0\u00a0\u00a0\u00a0\u00a0\u00a0\u00a0\u00a0\u00a0\u00a0\u00a0\u00a0\u00a0\u00a0\u00a0\u00a0\u00a0\u00a0\u00a0\u00a0\u00a0\u00a0\u00a0\u00a0\u00a0\u00a0\u00a0\u00a0\u00a0\u00a0\u00a0\u00a0\u00a0\u00a0\u00a0\u00a0\u00a0\u00a0\u00a0\u00a0\u00a0\u00a0\u00a0\u00a0 Sidonie Viret<\/p>\n<p>C\u00e9line Figueiredo\u00a0\u00a0\u00a0\u00a0\u00a0\u00a0\u00a0\u00a0\u00a0\u00a0\u00a0\u00a0\u00a0\u00a0\u00a0\u00a0\u00a0\u00a0\u00a0\u00a0\u00a0\u00a0\u00a0\u00a0\u00a0\u00a0\u00a0\u00a0\u00a0\u00a0\u00a0\u00a0\u00a0\u00a0\u00a0\u00a0\u00a0\u00a0\u00a0\u00a0\u00a0\u00a0\u00a0\u00a0\u00a0\u00a0\u00a0\u00a0\u00a0\u00a0\u00a0\u00a0\u00a0\u00a0\u00a0\u00a0\u00a0\u00a0\u00a0\u00a0\u00a0\u00a0\u00a0 Sandrine Mend\u00e8s d\u2019Oliveira<\/p>\n<p>Beno\u00eet L\u2019Huillier<\/p>\n<p><strong><u>SOCIAL (CCAS)<\/u><\/strong><strong>\u00a0\u00a0\u00a0\u00a0\u00a0\u00a0\u00a0\u00a0\u00a0\u00a0\u00a0\u00a0\u00a0\u00a0\u00a0\u00a0\u00a0\u00a0\u00a0\u00a0\u00a0\u00a0\u00a0\u00a0\u00a0\u00a0\u00a0\u00a0\u00a0\u00a0\u00a0\u00a0\u00a0\u00a0\u00a0\u00a0\u00a0\u00a0\u00a0\u00a0\u00a0\u00a0\u00a0\u00a0\u00a0\u00a0\u00a0\u00a0\u00a0\u00a0\u00a0\u00a0\u00a0\u00a0\u00a0\u00a0\u00a0\u00a0\u00a0\u00a0\u00a0\u00a0 <u>FINANCE \u2013 SUIVI DU BUDGET<\/u><\/strong><\/p>\n<p>Sandra R\u00e9millon\u00a0\u00a0\u00a0\u00a0\u00a0\u00a0\u00a0\u00a0\u00a0\u00a0\u00a0\u00a0\u00a0\u00a0\u00a0\u00a0\u00a0\u00a0\u00a0\u00a0\u00a0\u00a0\u00a0\u00a0\u00a0\u00a0\u00a0\u00a0\u00a0\u00a0\u00a0\u00a0\u00a0\u00a0\u00a0\u00a0\u00a0\u00a0\u00a0\u00a0\u00a0\u00a0\u00a0\u00a0\u00a0\u00a0\u00a0\u00a0\u00a0\u00a0\u00a0\u00a0\u00a0\u00a0\u00a0\u00a0\u00a0\u00a0\u00a0\u00a0\u00a0\u00a0\u00a0\u00a0 Sandra R\u00e9millon<\/p>\n<p>Sandrine Mend\u00e8s d\u2019Oliveira\u00a0\u00a0\u00a0\u00a0\u00a0\u00a0\u00a0\u00a0\u00a0\u00a0\u00a0\u00a0\u00a0\u00a0\u00a0\u00a0\u00a0\u00a0\u00a0\u00a0\u00a0\u00a0\u00a0\u00a0\u00a0\u00a0\u00a0\u00a0\u00a0\u00a0\u00a0\u00a0\u00a0\u00a0\u00a0\u00a0\u00a0\u00a0\u00a0\u00a0\u00a0\u00a0\u00a0\u00a0\u00a0\u00a0\u00a0 C\u00e9line Figueiredo<\/p>\n<p>Sidonie Viret<\/p>\n<p>Annelise Dard<\/p>\n<p><strong>2<sup>\u00e8me<\/sup> GROUPE DE COMMISSION<\/strong><\/p>\n<p><strong>Pr\u00e9sid\u00e9 par St\u00e9phane Debornes et Sandra R\u00e9millon<\/strong><\/p>\n<p><strong><u>COMMUNICATION<\/u><\/strong><strong>\u00a0\u00a0\u00a0\u00a0\u00a0\u00a0\u00a0\u00a0\u00a0\u00a0\u00a0\u00a0\u00a0\u00a0\u00a0\u00a0\u00a0\u00a0\u00a0\u00a0\u00a0\u00a0\u00a0\u00a0\u00a0\u00a0\u00a0\u00a0\u00a0\u00a0\u00a0\u00a0\u00a0\u00a0\u00a0\u00a0\u00a0\u00a0\u00a0\u00a0\u00a0\u00a0\u00a0\u00a0\u00a0\u00a0\u00a0\u00a0\u00a0\u00a0\u00a0\u00a0\u00a0\u00a0\u00a0\u00a0 <u>URBANISME<\/u><\/strong><\/p>\n<p>Sandra R\u00e9millon\u00a0\u00a0\u00a0\u00a0\u00a0\u00a0\u00a0\u00a0\u00a0\u00a0\u00a0\u00a0\u00a0\u00a0\u00a0\u00a0\u00a0\u00a0\u00a0\u00a0\u00a0\u00a0\u00a0\u00a0\u00a0\u00a0\u00a0\u00a0\u00a0\u00a0\u00a0\u00a0\u00a0\u00a0\u00a0\u00a0\u00a0\u00a0\u00a0\u00a0\u00a0\u00a0\u00a0\u00a0\u00a0\u00a0\u00a0\u00a0\u00a0\u00a0\u00a0\u00a0\u00a0\u00a0\u00a0\u00a0\u00a0\u00a0\u00a0\u00a0\u00a0\u00a0\u00a0\u00a0 St\u00e9phane Debornes<\/p>\n<p>St\u00e9phane Debornes\u00a0\u00a0\u00a0\u00a0\u00a0\u00a0\u00a0\u00a0\u00a0\u00a0\u00a0\u00a0\u00a0\u00a0\u00a0\u00a0\u00a0\u00a0\u00a0\u00a0\u00a0\u00a0\u00a0\u00a0\u00a0\u00a0\u00a0\u00a0\u00a0\u00a0\u00a0\u00a0\u00a0\u00a0\u00a0\u00a0\u00a0\u00a0\u00a0\u00a0\u00a0\u00a0\u00a0\u00a0\u00a0\u00a0\u00a0\u00a0\u00a0\u00a0\u00a0\u00a0\u00a0\u00a0\u00a0\u00a0\u00a0\u00a0\u00a0\u00a0 Sandra R\u00e9millon<\/p>\n<p>Annelise Dard\u00a0\u00a0\u00a0\u00a0\u00a0\u00a0\u00a0\u00a0\u00a0\u00a0\u00a0\u00a0\u00a0\u00a0\u00a0\u00a0\u00a0\u00a0\u00a0\u00a0\u00a0\u00a0\u00a0\u00a0\u00a0\u00a0\u00a0\u00a0\u00a0\u00a0\u00a0\u00a0\u00a0\u00a0\u00a0\u00a0\u00a0\u00a0\u00a0\u00a0\u00a0\u00a0\u00a0\u00a0\u00a0\u00a0\u00a0\u00a0\u00a0\u00a0\u00a0\u00a0\u00a0\u00a0\u00a0\u00a0\u00a0\u00a0\u00a0\u00a0\u00a0\u00a0\u00a0\u00a0\u00a0\u00a0\u00a0\u00a0 J\u00e9r\u00f4me Maniguet<\/p>\n<p>C\u00e9line Figueiredo\u00a0\u00a0\u00a0\u00a0\u00a0\u00a0\u00a0\u00a0\u00a0\u00a0\u00a0\u00a0\u00a0\u00a0\u00a0\u00a0\u00a0\u00a0\u00a0\u00a0\u00a0\u00a0\u00a0\u00a0\u00a0\u00a0\u00a0\u00a0\u00a0\u00a0\u00a0\u00a0\u00a0\u00a0\u00a0\u00a0\u00a0\u00a0\u00a0\u00a0\u00a0\u00a0\u00a0\u00a0\u00a0\u00a0\u00a0\u00a0\u00a0\u00a0\u00a0\u00a0\u00a0\u00a0\u00a0\u00a0\u00a0\u00a0\u00a0\u00a0\u00a0\u00a0\u00a0 Denis Wolf<\/p>\n<p>Beno\u00eet L\u2019Huillier\u00a0\u00a0\u00a0\u00a0\u00a0\u00a0\u00a0\u00a0\u00a0\u00a0\u00a0\u00a0\u00a0\u00a0\u00a0\u00a0\u00a0\u00a0\u00a0\u00a0\u00a0\u00a0\u00a0\u00a0\u00a0\u00a0\u00a0\u00a0\u00a0\u00a0\u00a0\u00a0\u00a0\u00a0\u00a0\u00a0\u00a0\u00a0\u00a0\u00a0\u00a0\u00a0\u00a0\u00a0\u00a0\u00a0\u00a0\u00a0\u00a0\u00a0\u00a0\u00a0\u00a0\u00a0\u00a0\u00a0\u00a0\u00a0\u00a0\u00a0\u00a0\u00a0\u00a0 Anthony Lamot<\/p>\n<p><span style=\"font-size: medium;\"><span style=\"font-family: Times New Roman;\"><span style=\"color: #000000;\">\u00a0\u00a0\u00a0\u00a0\u00a0\u00a0<\/span><\/span><\/span><\/p>\n","protected":false},"excerpt":{"rendered":"<p>LE MAIRE Xavier Brand LES MAIRES ADJOINTS St\u00e9phane Debornes Sandra R\u00e9millon LES CONSEILLERS MUNICIPAUX LAMOT Anthony WOLF Denis HERLEDDER Thomas FIGUEIREDO C\u00e9line MANIGUET J\u00e9r\u00f4me MENDES D&rsquo;OLIVEIRA Sandrine L&rsquo;HUILLIER Benoit DARD Annelise VIRET Sidonie LAVERRIERE J\u00e9r\u00e9my MONTANT Odile GAILLARD Christophe LEURS ATTRIBUTIONS COMMISSIONS COMMUNALES \u00a0 Le Maire est membre d\u2019office de toutes les Commissions Communales qui &hellip; <\/p>\n<p><a class=\"more-link btn\" href=\"https:\/\/www.vovray-en-bornes.fr\/?page_id=48\">Lire la suite<\/a><\/p>\n","protected":false},"author":1,"featured_media":0,"parent":46,"menu_order":1,"comment_status":"closed","ping_status":"closed","template":"template-onecolumn.php","meta":{"footnotes":""},"class_list":["post-48","page","type-page","status-publish","hentry","nodate","item-wrap"],"_links":{"self":[{"href":"https:\/\/www.vovray-en-bornes.fr\/index.php?rest_route=\/wp\/v2\/pages\/48","targetHints":{"allow":["GET"]}}],"collection":[{"href":"https:\/\/www.vovray-en-bornes.fr\/index.php?rest_route=\/wp\/v2\/pages"}],"about":[{"href":"https:\/\/www.vovray-en-bornes.fr\/index.php?rest_route=\/wp\/v2\/types\/page"}],"author":[{"embeddable":true,"href":"https:\/\/www.vovray-en-bornes.fr\/index.php?rest_route=\/wp\/v2\/users\/1"}],"replies":[{"embeddable":true,"href":"https:\/\/www.vovray-en-bornes.fr\/index.php?rest_route=%2Fwp%2Fv2%2Fcomments&post=48"}],"version-history":[{"count":16,"href":"https:\/\/www.vovray-en-bornes.fr\/index.php?rest_route=\/wp\/v2\/pages\/48\/revisions"}],"predecessor-version":[{"id":2804,"href":"https:\/\/www.vovray-en-bornes.fr\/index.php?rest_route=\/wp\/v2\/pages\/48\/revisions\/2804"}],"up":[{"embeddable":true,"href":"https:\/\/www.vovray-en-bornes.fr\/index.php?rest_route=\/wp\/v2\/pages\/46"}],"wp:attachment":[{"href":"https:\/\/www.vovray-en-bornes.fr\/index.php?rest_route=%2Fwp%2Fv2%2Fmedia&parent=48"}],"curies":[{"name":"wp","href":"https:\/\/api.w.org\/{rel}","templated":true}]}}